{"id":847522,"date":"2025-01-22T09:42:12","date_gmt":"2025-01-22T08:42:12","guid":{"rendered":"https:\/\/axkid.com\/cz-2-0\/faq\/differences-minikid-3-and-minikid-4\/"},"modified":"2025-12-01T14:01:01","modified_gmt":"2025-12-01T13:01:01","slug":"differences-minikid-3-and-minikid-4","status":"publish","type":"faq","link":"https:\/\/axkid.com\/cz\/casto-kladene-otazky\/differences-minikid-3-and-minikid-4\/","title":{"rendered":"Rozd\u00edly mezi Minikid 3 a Minikid 4"},"content":{"rendered":"\n<p>\u00a0<br>Axkid Minikid 4 je nejnov\u011bj\u0161\u00edm p\u0159\u00edr\u016fstkem do na\u0161\u00ed \u0159ady inovativn\u00edch, bezpe\u010dn\u00fdch a testovan\u00fdch autoseda\u010dek se \u0160v\u00e9dsk\u00fdm Plus Testem. Minikid 4 m\u00e1 prodlou\u017eenou \u017eivotnost proti sm\u011bru j\u00edzdy a\u017e na 7 let (nebo i d\u00e9le) d\u00edky p\u016fsobiv\u00e9 d\u00e9lce z\u00e1dov\u00e9 op\u011brky a nosnosti 36 kg.<\/p>\n\n\n\n<h2 class=\"wp-block-heading\">Rodina Minikid \u2013 rodina hrdin\u016f<\/h2>\n\n\n\n<p>Ji\u017e p\u0159ibli\u017en\u011b 10 let slou\u017e\u00ed Axkid Minikid na trhu a poskytuje d\u011btem v cel\u00e9 Evrop\u011b nejvy\u0161\u0161\u00ed bezpe\u010dnost. Unik\u00e1tn\u00ed funkce autoseda\u010dky Minikid a obrovsk\u00e9 bezpe\u010dnostn\u00ed v\u00fdhody s prodlou\u017eenou j\u00edzdou proti sm\u011bru j\u00edzdy z n\u00ed d\u011blaj\u00ed produkt, kter\u00fd si obl\u00edbili rodi\u010de i d\u011bti. Koncept Minikid je zn\u00e1m\u00fd sv\u00fdmi jedine\u010dn\u00fdmi a patentovan\u00fdmi vlastnostmi a t\u00edm, \u017ee v posledn\u00edch letech zachr\u00e1nil mnoho \u017eivot\u016f.<\/p>\n\n\n\n<h3 class=\"wp-block-heading\">Jak\u00e9 jsou rozd\u00edly mezi Axkid Minikid 3 a Minikid 4?<\/h3>\n\n\n\n<p>Uv\u00e1d\u00edme na trh \u010dtvrtou verzi v rodin\u011b Minikid, Axkid Minikid 4, a jsme nesm\u00edrn\u011b hrd\u00ed na to, \u017ee nikdy nekon\u010d\u00edme s v\u00fdvojem, neust\u00e1le naslouch\u00e1me, vylep\u0161ujeme a vyv\u00edj\u00edme nov\u00e9, inovativn\u00ed n\u00e1pady a \u0159e\u0161en\u00ed, aby va\u0161e d\u00edt\u011b bylo co nejbezpe\u010dn\u011bj\u0161\u00ed a nejpohodln\u011bj\u0161\u00ed.<\/p>\n\n\n\n<p>V n\u00e1vaznosti na \u00fasp\u011bch autoseda\u010dky Axkid Minikid 3 a chv\u00e1len\u00e9 a ocen\u011bn\u00e9 \u0159ady Minikid jsme provedli n\u011bkolik kl\u00ed\u010dov\u00fdch vylep\u0161en\u00ed pro zv\u00fd\u0161en\u00ed pohodl\u00ed a bezpe\u010dnosti va\u0161eho d\u00edt\u011bte b\u011bhem cestov\u00e1n\u00ed autem.<\/p>\n\n\n\n<p><strong>\u00bb Aktualizovan\u00e1 geometrie op\u011brky hlavy<\/strong><br>P\u0159epracovali jsme geometrii op\u011brky hlavy, abychom zlep\u0161ili jej\u00ed polohu a oporu pro hlavu a krk d\u00edt\u011bte. Geometrie op\u011brky hlavy m\u00e1 tvar U, na rozd\u00edl od modelu Minikid 3, kter\u00fd m\u011bl sp\u00ed\u0161e tvar V. D\u00edky tomu je op\u011brka hlavy Minikid 4 je\u0161t\u011b otev\u0159en\u011bj\u0161\u00ed a dokonale padne d\u011btem v\u0161ech v\u011bkov\u00fdch kategori\u00ed.<\/p>\n\n\n\n<p><strong>\u00bb Nov\u00e1 pohodln\u00e1 op\u011brka zad<\/strong> zmen\u0161ovac\u00ed vlo\u017eky<br>Nov\u00e1 odn\u00edmateln\u00e1 pohodln\u00e1 op\u011brka zad d\u011bl\u00e1 pou\u017e\u00edv\u00e1n\u00ed autoseda\u010dky je\u0161t\u011b pohodln\u011bj\u0161\u00edm. Tato op\u011brka je vyrobena ze stejn\u00fdch vysoce kvalitn\u00edch materi\u00e1l\u016f jako pr\u00e9miov\u00fd potah sedadla. Nav\u00edc je op\u011brka navr\u017eena tak, aby se dala velmi snadno sundat, pokud ji nechcete pou\u017e\u00edvat nebo pot\u0159ebujete vyprat \u2013 v\u00edme, \u017ee k nehod\u00e1m m\u016f\u017ee doch\u00e1zet&#8230;<\/p>\n\n\n\n<p><strong>\u00bb Aktualizovan\u00e1 zmen\u0161ovac\u00ed vlo\u017eka<\/strong><br>Autoseda\u010dka Axkid Minikid 4 m\u00e1 nov\u00fd design extra vlo\u017eky, kter\u00e1 se doporu\u010duje pro pou\u017eit\u00ed od 61 cm do 105 cm. Zmen\u0161ovac\u00ed vlo\u017eka pro batole je vyrobena z pohodln\u00e9 pam\u011b\u0165ov\u00e9 p\u011bny, kter\u00e1 usad\u00ed va\u0161e mal\u00e9 d\u00edt\u011b do ide\u00e1ln\u00ed polohy a zajist\u00ed tak maxim\u00e1ln\u00ed bezpe\u010dnost autoseda\u010dky. Vlo\u017eka m\u00e1 tak\u00e9 s\u00ed\u0165ovinu na zadn\u00edm panelu, kter\u00e1 podporuje lep\u0161\u00ed proud\u011bn\u00ed vzduchu.<\/p>\n\n\n\n<p><strong>\u00bb Nov\u00e9 textilie<\/strong><br>Minikid 4 se vyzna\u010duje zbrusu novou textili\u00ed, kter\u00e1 je je\u0161t\u011b m\u011bk\u010d\u00ed a prody\u0161n\u011bj\u0161\u00ed ne\u017e d\u0159\u00edve, a poskytuje tak va\u0161emu d\u00edt\u011bti pohodln\u00e9 sezen\u00ed. Nov\u00e1 textilie m\u00e1 stejn\u00e9 polstrov\u00e1n\u00ed jako p\u0159edchoz\u00ed Minikid 3 Premium, co\u017e znamen\u00e1 dodate\u010dn\u00e9 polstrov\u00e1n\u00ed textilu pro v\u011bt\u0161\u00ed pohodl\u00ed va\u0161eho d\u00edt\u011bte.<\/p>\n\n\n\n<p><strong>\u00bb Aktualizov\u00e1ny detaily a hotovo<\/strong><br>Krom\u011b vylep\u0161en\u00ed pohodl\u00ed a bezpe\u010dnosti jsme v\u011bnovali pozornost i detail\u016fm. Minikid 4 se py\u0161n\u00ed vylep\u0161enou povrchovou \u00fapravou, kter\u00e1 je z\u00e1rove\u0148 elegantn\u00ed a odoln\u00e1, a je k dispozici v \u0159ad\u011b nov\u00fdch, poutav\u00fdch barev, kter\u00e9 jist\u011b pot\u011b\u0161\u00ed rodi\u010de i d\u011bti.<\/p>\n\n\n\n<h2 class=\"wp-block-heading\">V souhrnu&#8230;<\/h2>\n\n\n\n<p>V Axkid se zav\u00e1zali poskytovat v\u00e1m nejbezpe\u010dn\u011bj\u0161\u00ed a nejpohodln\u011bj\u0161\u00ed d\u011btsk\u00e9 autoseda\u010dky na trhu. Neust\u00e1le naslouch\u00e1me zp\u011btn\u00e9 vazb\u011b od na\u0161ich z\u00e1kazn\u00edk\u016f a odborn\u00edk\u016f a neust\u00e1le se sna\u017e\u00edme na\u0161e produkty vylep\u0161ovat. S autoseda\u010dkou Minikid 4 si m\u016f\u017eete b\u00fdt jisti, \u017ee si vyb\u00edr\u00e1te autoseda\u010dku, kter\u00e1 byla navr\u017eena s ohledem na bezpe\u010dnost a pohodl\u00ed va\u0161eho d\u00edt\u011bte.<\/p>\n\n\n\n<p>Stru\u010dn\u011b \u0159e\u010deno, Minikid 4 je bezpe\u010dn\u00e1 a prostorn\u00e1 autoseda\u010dka s rozs\u00e1hl\u00fdmi chytr\u00fdmi funkcemi navr\u017een\u00fdmi se \u0161v\u00e9dsk\u00fdm bezpe\u010dnostn\u00edm p\u0159\u00edstupem. D\u00edky dlouh\u00e9 z\u00e1dov\u00e9 \u010d\u00e1sti, vylep\u0161en\u00fdm potah\u016fm a nov\u00e9 geometrii op\u011brky hlavy je Minikid 4 flexibiln\u00ed a p\u0159izp\u016fsobiv\u00e1 prodlou\u017een\u00e1 autoseda\u010dka oto\u010den\u00e1 proti sm\u011bru j\u00edzdy, kter\u00e1 se p\u0159izp\u016fsob\u00ed pot\u0159eb\u00e1m va\u0161eho d\u00edt\u011bte, a stane se tak hrdinou cel\u00e9 rodiny.<\/p>\n\n\n\n<p><\/p>\n","protected":false},"template":"","meta":{"_acf_changed":false,"_seopress_robots_primary_cat":"","_seopress_titles_title":"Rozd\u00edly mezi Minikid 3 a Minikid 4 | Axkid","_seopress_titles_desc":"Axkid Minikid 4 je nejnov\u011bj\u0161\u00edm p\u0159\u00edr\u016fstkem do na\u0161\u00ed \u0159ady inovativn\u00edch, bezpe\u010dn\u00fdch a testovan\u00fdch autoseda\u010dek se \u0160v\u00e9dsk\u00fdm Plus Testem. Minikid 4 m\u00e1 prodlou\u017eenou \u017eivotnost proti sm\u011bru j\u00edzdy a\u017e na 7 let (nebo i d\u00e9le) d\u00edky p\u016fsobiv\u00e9 d\u00e9lce z\u00e1dov\u00e9 op\u011brky a nosnosti 36 kg.","_seopress_robots_index":"","content-type":"","_relevanssi_hide_post":"","_relevanssi_hide_content":"","_relevanssi_pin_for_all":"","_relevanssi_pin_keywords":"","_relevanssi_unpin_keywords":"","_relevanssi_related_keywords":"","_relevanssi_related_include_ids":"","_relevanssi_related_exclude_ids":"","_relevanssi_related_no_append":"","_relevanssi_related_not_related":"","_relevanssi_related_posts":"","_relevanssi_noindex_reason":"","editor_notices":[]},"class_list":["post-847522","faq","type-faq","status-publish","hentry","faq_category-how-to-choose-an-axkid-car-seat"],"acf":[],"jetpack_sharing_enabled":true,"_links":{"self":[{"href":"https:\/\/axkid.com\/cz\/wp-json\/wp\/v2\/faq\/847522","targetHints":{"allow":["GET"]}}],"collection":[{"href":"https:\/\/axkid.com\/cz\/wp-json\/wp\/v2\/faq"}],"about":[{"href":"https:\/\/axkid.com\/cz\/wp-json\/wp\/v2\/types\/faq"}],"wp:attachment":[{"href":"https:\/\/axkid.com\/cz\/wp-json\/wp\/v2\/media?parent=847522"}],"curies":[{"name":"wp","href":"https:\/\/api.w.org\/{rel}","templated":true}]}}