{"id":172617,"date":"2025-01-21T09:21:13","date_gmt":"2025-01-21T08:21:13","guid":{"rendered":"https:\/\/axkid.com\/pl-2-0\/faq\/czy-moge-uzywac-fotelika-samochodowego-na-tylnym-srodkowym-siedzeniu-samochodu\/"},"modified":"2026-06-08T13:49:07","modified_gmt":"2026-06-08T12:49:07","slug":"czy-moge-uzywac-fotelika-samochodowego-na-tylnym-srodkowym-siedzeniu-samochodu","status":"publish","type":"faq","link":"https:\/\/axkid.com\/pl\/czesto-zadawane-pytania\/czy-moge-uzywac-fotelika-samochodowego-na-tylnym-srodkowym-siedzeniu-samochodu\/","title":{"rendered":"Czy mog\u0119 u\u017cywa\u0107 fotelika samochodowego na tylnym \u015brodkowym siedzeniu samochodu?"},"content":{"rendered":"\n<p>Tak, mo\u017cna u\u017cywa\u0107 naszych fotelik\u00f3w samochodowych na wszystkich siedzeniach, je\u015bli producent samochodu je zatwierdzi. Sprawd\u017a instrukcj\u0119 obs\u0142ugi samochodu, aby uzyska\u0107 wi\u0119cej informacji na temat tego, kt\u00f3re pozycje siedze\u0144 s\u0105 zatwierdzone do u\u017cycia fotelika samochodowego lub zobacz nasz\u0105 <a href=\"https:\/\/axkid.com\/pl\/vehicle-list\/\"><strong>list\u0119 samochod\u00f3w tutaj \u00bb<\/strong><\/a>.<\/p>\n\n\n\n<p><\/p>\n","protected":false},"template":"","meta":{"_acf_changed":false,"_seopress_robots_primary_cat":"","_seopress_titles_title":"","_seopress_titles_desc":"","_seopress_robots_index":"","_seopress_analysis_target_kw":"","content-type":"","_relevanssi_hide_post":"","_relevanssi_hide_content":"","_relevanssi_pin_for_all":"","_relevanssi_pin_keywords":"","_relevanssi_unpin_keywords":"","_relevanssi_related_keywords":"","_relevanssi_related_include_ids":"","_relevanssi_related_exclude_ids":"","_relevanssi_related_no_append":"","_relevanssi_related_not_related":"","_relevanssi_related_posts":"21688","_relevanssi_noindex_reason":"","editor_notices":[]},"class_list":["post-172617","faq","type-faq","status-publish","hentry","faq_category-montaz"],"acf":[],"jetpack_sharing_enabled":true,"_links":{"self":[{"href":"https:\/\/axkid.com\/pl\/wp-json\/wp\/v2\/faq\/172617","targetHints":{"allow":["GET"]}}],"collection":[{"href":"https:\/\/axkid.com\/pl\/wp-json\/wp\/v2\/faq"}],"about":[{"href":"https:\/\/axkid.com\/pl\/wp-json\/wp\/v2\/types\/faq"}],"wp:attachment":[{"href":"https:\/\/axkid.com\/pl\/wp-json\/wp\/v2\/media?parent=172617"}],"curies":[{"name":"wp","href":"https:\/\/api.w.org\/{rel}","templated":true}]}}